{"id":2296,"date":"2021-10-17T09:20:56","date_gmt":"2021-10-17T09:20:56","guid":{"rendered":"https:\/\/avhandeyetik.com\/?page_id=2296"},"modified":"2021-10-18T11:00:13","modified_gmt":"2021-10-18T11:00:13","slug":"avukat-hande-yetik-kimdir","status":"publish","type":"page","link":"https:\/\/avhandeyetik.com\/?page_id=2296","title":{"rendered":"Avukat Hande Yetik Kimdir?"},"content":{"rendered":"\t\t<div data-elementor-type=\"wp-page\" data-elementor-id=\"2296\" class=\"elementor elementor-2296\">\n\t\t\t\t\t\t<section class=\"elementor-section elementor-top-section elementor-element elementor-element-a7e972d elementor-section-boxed elementor-section-height-default elementor-section-height-default\" data-id=\"a7e972d\" data-element_type=\"section\">\n\t\t\t\t\t\t<div class=\"elementor-container elementor-column-gap-default\">\n\t\t\t\t\t<div class=\"elementor-column elementor-col-50 elementor-top-column elementor-element elementor-element-68e2e38\" data-id=\"68e2e38\" data-element_type=\"column\">\n\t\t\t<div class=\"elementor-widget-wrap elementor-element-populated\">\n\t\t\t\t\t\t<div class=\"elementor-element elementor-element-f76f8aa align-left elementor-widget elementor-widget-mae-headings\" data-id=\"f76f8aa\" data-element_type=\"widget\" data-widget_type=\"mae-headings.default\">\n\t\t\t\t<div class=\"elementor-widget-container\">\n\t\t\t\t\t\t\t<div class=\"master-heading\">\n\t        \t            <div class=\"pre-heading\">Ekibimiz<\/div>\n\t        \n\t        \t        <h2 class=\"main-heading\">Avukat Hande YET\u0130K Kimdir?<\/h2>\n\t        \n\t        \t        <div class=\"divider\"><\/div>\n\t        \n\t        \t            <div class=\"sub-heading\">Avukat Hande Yetik, Adana do\u011fumludur. \u0130lk ve orta \u00f6\u011fretimini Adana'da ve Lise e\u011fitimini Adana \u0130MKB Anadolu \u00d6\u011fretmen Lisesi (Seyhan \u0130MKB Fen Lisesi)'nde tamamlam\u0131\u015ft\u0131r. Gazi \u00dcniversitesi Hukuk Fak\u00fcltesi'nde lisans e\u011fitimini tamamlad\u0131ktan sonra Adana Barosu'na kay\u0131tl\u0131 avukat olarak mesle\u011fini icra etmektedir. <br><br>\n\n<b>\u0130LET\u0130\u015e\u0130M: <br>\nADRES:  D\u00f6\u015feme Mahallesi 60081 Sokak No:4 \u00d6zen Apt. K:11 D:32 Seyhan\/ADANA<br>\nGSM: 0554 999 46 04 <br>\nMA\u0130L: av.handeyetik@gmail.com<br><\/b>\n<\/div>\n\t        \t    <\/div>\n\t    \t\t\t\t<\/div>\n\t\t\t\t<\/div>\n\t\t\t\t\t<\/div>\n\t\t<\/div>\n\t\t\t\t<div class=\"elementor-column elementor-col-50 elementor-top-column elementor-element elementor-element-cb36ea0\" data-id=\"cb36ea0\" data-element_type=\"column\">\n\t\t\t<div class=\"elementor-widget-wrap elementor-element-populated\">\n\t\t\t\t\t\t<div class=\"elementor-element elementor-element-dcbd2dc elementor-widget elementor-widget-image\" data-id=\"dcbd2dc\" data-element_type=\"widget\" data-widget_type=\"image.default\">\n\t\t\t\t<div class=\"elementor-widget-container\">\n\t\t\t\t\t\t\t\t\t\t\t\t\t\t\t<img fetchpriority=\"high\" decoding=\"async\" width=\"1024\" height=\"576\" src=\"https:\/\/avhandeyetik.com\/wp-content\/uploads\/2021\/10\/avukat-hande-altan-slider-1024x576.jpg\" class=\"attachment-large size-large wp-image-2151\" alt=\"avukat-hande-altan-slider\" srcset=\"https:\/\/avhandeyetik.com\/wp-content\/uploads\/2021\/10\/avukat-hande-altan-slider-1024x576.jpg 1024w, https:\/\/avhandeyetik.com\/wp-content\/uploads\/2021\/10\/avukat-hande-altan-slider-300x169.jpg 300w, https:\/\/avhandeyetik.com\/wp-content\/uploads\/2021\/10\/avukat-hande-altan-slider-768x432.jpg 768w, https:\/\/avhandeyetik.com\/wp-content\/uploads\/2021\/10\/avukat-hande-altan-slider-1536x864.jpg 1536w, https:\/\/avhandeyetik.com\/wp-content\/uploads\/2021\/10\/avukat-hande-altan-slider-2048x1152.jpg 2048w\" sizes=\"(max-width: 1024px) 100vw, 1024px\" \/>\t\t\t\t\t\t\t\t\t\t\t\t\t\t\t<\/div>\n\t\t\t\t<\/div>\n\t\t\t\t\t<\/div>\n\t\t<\/div>\n\t\t\t\t\t<\/div>\n\t\t<\/section>\n\t\t\t\t<\/div>\n\t\t","protected":false},"excerpt":{"rendered":"<p>Ekibimiz Avukat Hande YET\u0130K Kimdir? Avukat Hande Yetik, Adana do\u011fumludur. \u0130lk ve orta \u00f6\u011fretimini Adana&#8217;da ve Lise e\u011fitimini Adana \u0130MKB Anadolu \u00d6\u011fretmen Lisesi (Seyhan \u0130MKB Fen Lisesi)&#8217;nde tamamlam\u0131\u015ft\u0131r. Gazi \u00dcniversitesi Hukuk Fak\u00fcltesi&#8217;nde lisans e\u011fitimini tamamlad\u0131ktan sonra Adana Barosu&#8217;na kay\u0131tl\u0131 avukat olarak mesle\u011fini icra etmektedir. \u0130LET\u0130\u015e\u0130M: ADRES: D\u00f6\u015feme<\/p>\n","protected":false},"author":1,"featured_media":0,"parent":0,"menu_order":0,"comment_status":"closed","ping_status":"closed","template":"","meta":{"_joinchat":[],"footnotes":""},"class_list":["post-2296","page","type-page","status-publish","hentry"],"yoast_head":"<!-- This site is optimized with the Yoast SEO plugin v25.9 - https:\/\/yoast.com\/wordpress\/plugins\/seo\/ -->\n<title>Avukat Hande Yetik Kimdir? - Yetik Hukuk ve Dan\u0131\u015fmanl\u0131k B\u00fcrosu | Adana Avukat<\/title>\n<meta name=\"description\" content=\"Avukat Hande Yetik, Adana do\u011fumludur. \u0130lk ve orta \u00f6\u011fretimini Adana&#039;da ve Lise e\u011fitimini Adana \u0130MKB Anadolu \u00d6\u011fretmen Lisesi (Seyhan \u0130MKB Fen\" \/>\n<meta name=\"robots\" content=\"index, follow, max-snippet:-1, max-image-preview:large, max-video-preview:-1\" \/>\n<link rel=\"canonical\" href=\"https:\/\/avhandeyetik.com\/?page_id=2296\" \/>\n<meta property=\"og:locale\" content=\"tr_TR\" \/>\n<meta property=\"og:type\" content=\"article\" \/>\n<meta property=\"og:title\" content=\"Avukat Hande Yetik Kimdir? - Yetik Hukuk ve Dan\u0131\u015fmanl\u0131k B\u00fcrosu | Adana Avukat\" \/>\n<meta property=\"og:description\" content=\"Avukat Hande Yetik, Adana do\u011fumludur. \u0130lk ve orta \u00f6\u011fretimini Adana&#039;da ve Lise e\u011fitimini Adana \u0130MKB Anadolu \u00d6\u011fretmen Lisesi (Seyhan \u0130MKB Fen\" \/>\n<meta property=\"og:url\" content=\"https:\/\/avhandeyetik.com\/?page_id=2296\" \/>\n<meta property=\"og:site_name\" content=\"Yetik Hukuk ve Dan\u0131\u015fmanl\u0131k B\u00fcrosu | Adana Avukat\" \/>\n<meta property=\"article:modified_time\" content=\"2021-10-18T11:00:13+00:00\" \/>\n<meta property=\"og:image\" content=\"https:\/\/avhandeyetik.com\/wp-content\/uploads\/2021\/10\/avukat-hande-altan-slider-1024x576.jpg\" \/>\n<meta name=\"twitter:card\" content=\"summary_large_image\" \/>\n<meta name=\"twitter:label1\" content=\"Tahmini okuma s\u00fcresi\" \/>\n\t<meta name=\"twitter:data1\" content=\"1 dakika\" \/>\n<script type=\"application\/ld+json\" class=\"yoast-schema-graph\">{\"@context\":\"https:\/\/schema.org\",\"@graph\":[{\"@type\":\"WebPage\",\"@id\":\"https:\/\/avhandeyetik.com\/?page_id=2296\",\"url\":\"https:\/\/avhandeyetik.com\/?page_id=2296\",\"name\":\"Avukat Hande Yetik Kimdir? - Yetik Hukuk ve Dan\u0131\u015fmanl\u0131k B\u00fcrosu | Adana Avukat\",\"isPartOf\":{\"@id\":\"https:\/\/avhandeyetik.com\/#website\"},\"primaryImageOfPage\":{\"@id\":\"https:\/\/avhandeyetik.com\/?page_id=2296#primaryimage\"},\"image\":{\"@id\":\"https:\/\/avhandeyetik.com\/?page_id=2296#primaryimage\"},\"thumbnailUrl\":\"https:\/\/avhandeyetik.com\/wp-content\/uploads\/2021\/10\/avukat-hande-altan-slider-1024x576.jpg\",\"datePublished\":\"2021-10-17T09:20:56+00:00\",\"dateModified\":\"2021-10-18T11:00:13+00:00\",\"description\":\"Avukat Hande Yetik, Adana do\u011fumludur. \u0130lk ve orta \u00f6\u011fretimini Adana'da ve Lise e\u011fitimini Adana \u0130MKB Anadolu \u00d6\u011fretmen Lisesi (Seyhan \u0130MKB Fen\",\"breadcrumb\":{\"@id\":\"https:\/\/avhandeyetik.com\/?page_id=2296#breadcrumb\"},\"inLanguage\":\"tr\",\"potentialAction\":[{\"@type\":\"ReadAction\",\"target\":[\"https:\/\/avhandeyetik.com\/?page_id=2296\"]}]},{\"@type\":\"ImageObject\",\"inLanguage\":\"tr\",\"@id\":\"https:\/\/avhandeyetik.com\/?page_id=2296#primaryimage\",\"url\":\"https:\/\/avhandeyetik.com\/wp-content\/uploads\/2021\/10\/avukat-hande-altan-slider-1024x576.jpg\",\"contentUrl\":\"https:\/\/avhandeyetik.com\/wp-content\/uploads\/2021\/10\/avukat-hande-altan-slider-1024x576.jpg\"},{\"@type\":\"BreadcrumbList\",\"@id\":\"https:\/\/avhandeyetik.com\/?page_id=2296#breadcrumb\",\"itemListElement\":[{\"@type\":\"ListItem\",\"position\":1,\"name\":\"Anasayfa\",\"item\":\"https:\/\/avhandeyetik.com\/\"},{\"@type\":\"ListItem\",\"position\":2,\"name\":\"Avukat Hande Yetik Kimdir?\"}]},{\"@type\":\"WebSite\",\"@id\":\"https:\/\/avhandeyetik.com\/#website\",\"url\":\"https:\/\/avhandeyetik.com\/\",\"name\":\"Yetik Hukuk ve Dan\u0131\u015fmanl\u0131k B\u00fcrosu | Adana Avukat\",\"description\":\"ADANA \u0130DARE HUKUKU, ADANA S\u0130GORTA HUKUKU, ADANA \u0130CRA VE \u0130FLAS HUKUKU, ADANA CEZA HUKUKU, ADANA \u0130\u015e VE SOSYAL G\u00dcVENL\u0130K HUKUKU, ADANA A\u0130LE , VELAYET VE BO\u015eANMA HUKUKU, ADANA M\u0130RAS HUKUKU, ADANA T\u00dcKET\u0130C\u0130 HUKUKU, ADANA VERG\u0130 HUKUKU, ADANA S\u00d6ZLE\u015eMELER VE BOR\u00c7LAR HUKUKU, ADANA TRAF\u0130K KAZALARINDA MADD\u0130 MANEV\u0130 TAZM\u0130NAT, ADANA ARSA PAYI KAR\u015eILI\u011eI \u0130N\u015eAAT S\u00d6ZLE\u015eMELER\u0130 VE DAVALARI, ADANA SA\u011eLIK HUKUKU, ADANA KVKK HUKUKU, ADANA GAYR\u0130MENKUL HUKUKU, ADANA T\u0130CARET HUKUKU,HUKUKU,\",\"potentialAction\":[{\"@type\":\"SearchAction\",\"target\":{\"@type\":\"EntryPoint\",\"urlTemplate\":\"https:\/\/avhandeyetik.com\/?s={search_term_string}\"},\"query-input\":{\"@type\":\"PropertyValueSpecification\",\"valueRequired\":true,\"valueName\":\"search_term_string\"}}],\"inLanguage\":\"tr\"}]}<\/script>\n<!-- \/ Yoast SEO plugin. -->","yoast_head_json":{"title":"Avukat Hande Yetik Kimdir? - Yetik Hukuk ve Dan\u0131\u015fmanl\u0131k B\u00fcrosu | Adana Avukat","description":"Avukat Hande Yetik, Adana do\u011fumludur. \u0130lk ve orta \u00f6\u011fretimini Adana'da ve Lise e\u011fitimini Adana \u0130MKB Anadolu \u00d6\u011fretmen Lisesi (Seyhan \u0130MKB Fen","robots":{"index":"index","follow":"follow","max-snippet":"max-snippet:-1","max-image-preview":"max-image-preview:large","max-video-preview":"max-video-preview:-1"},"canonical":"https:\/\/avhandeyetik.com\/?page_id=2296","og_locale":"tr_TR","og_type":"article","og_title":"Avukat Hande Yetik Kimdir? - Yetik Hukuk ve Dan\u0131\u015fmanl\u0131k B\u00fcrosu | Adana Avukat","og_description":"Avukat Hande Yetik, Adana do\u011fumludur. \u0130lk ve orta \u00f6\u011fretimini Adana'da ve Lise e\u011fitimini Adana \u0130MKB Anadolu \u00d6\u011fretmen Lisesi (Seyhan \u0130MKB Fen","og_url":"https:\/\/avhandeyetik.com\/?page_id=2296","og_site_name":"Yetik Hukuk ve Dan\u0131\u015fmanl\u0131k B\u00fcrosu | Adana Avukat","article_modified_time":"2021-10-18T11:00:13+00:00","og_image":[{"url":"https:\/\/avhandeyetik.com\/wp-content\/uploads\/2021\/10\/avukat-hande-altan-slider-1024x576.jpg","type":"","width":"","height":""}],"twitter_card":"summary_large_image","twitter_misc":{"Tahmini okuma s\u00fcresi":"1 dakika"},"schema":{"@context":"https:\/\/schema.org","@graph":[{"@type":"WebPage","@id":"https:\/\/avhandeyetik.com\/?page_id=2296","url":"https:\/\/avhandeyetik.com\/?page_id=2296","name":"Avukat Hande Yetik Kimdir? - Yetik Hukuk ve Dan\u0131\u015fmanl\u0131k B\u00fcrosu | Adana Avukat","isPartOf":{"@id":"https:\/\/avhandeyetik.com\/#website"},"primaryImageOfPage":{"@id":"https:\/\/avhandeyetik.com\/?page_id=2296#primaryimage"},"image":{"@id":"https:\/\/avhandeyetik.com\/?page_id=2296#primaryimage"},"thumbnailUrl":"https:\/\/avhandeyetik.com\/wp-content\/uploads\/2021\/10\/avukat-hande-altan-slider-1024x576.jpg","datePublished":"2021-10-17T09:20:56+00:00","dateModified":"2021-10-18T11:00:13+00:00","description":"Avukat Hande Yetik, Adana do\u011fumludur. \u0130lk ve orta \u00f6\u011fretimini Adana'da ve Lise e\u011fitimini Adana \u0130MKB Anadolu \u00d6\u011fretmen Lisesi (Seyhan \u0130MKB Fen","breadcrumb":{"@id":"https:\/\/avhandeyetik.com\/?page_id=2296#breadcrumb"},"inLanguage":"tr","potentialAction":[{"@type":"ReadAction","target":["https:\/\/avhandeyetik.com\/?page_id=2296"]}]},{"@type":"ImageObject","inLanguage":"tr","@id":"https:\/\/avhandeyetik.com\/?page_id=2296#primaryimage","url":"https:\/\/avhandeyetik.com\/wp-content\/uploads\/2021\/10\/avukat-hande-altan-slider-1024x576.jpg","contentUrl":"https:\/\/avhandeyetik.com\/wp-content\/uploads\/2021\/10\/avukat-hande-altan-slider-1024x576.jpg"},{"@type":"BreadcrumbList","@id":"https:\/\/avhandeyetik.com\/?page_id=2296#breadcrumb","itemListElement":[{"@type":"ListItem","position":1,"name":"Anasayfa","item":"https:\/\/avhandeyetik.com\/"},{"@type":"ListItem","position":2,"name":"Avukat Hande Yetik Kimdir?"}]},{"@type":"WebSite","@id":"https:\/\/avhandeyetik.com\/#website","url":"https:\/\/avhandeyetik.com\/","name":"Yetik Hukuk ve Dan\u0131\u015fmanl\u0131k B\u00fcrosu | Adana Avukat","description":"ADANA \u0130DARE HUKUKU, ADANA S\u0130GORTA HUKUKU, ADANA \u0130CRA VE \u0130FLAS HUKUKU, ADANA CEZA HUKUKU, ADANA \u0130\u015e VE SOSYAL G\u00dcVENL\u0130K HUKUKU, ADANA A\u0130LE , VELAYET VE BO\u015eANMA HUKUKU, ADANA M\u0130RAS HUKUKU, ADANA T\u00dcKET\u0130C\u0130 HUKUKU, ADANA VERG\u0130 HUKUKU, ADANA S\u00d6ZLE\u015eMELER VE BOR\u00c7LAR HUKUKU, ADANA TRAF\u0130K KAZALARINDA MADD\u0130 MANEV\u0130 TAZM\u0130NAT, ADANA ARSA PAYI KAR\u015eILI\u011eI \u0130N\u015eAAT S\u00d6ZLE\u015eMELER\u0130 VE DAVALARI, ADANA SA\u011eLIK HUKUKU, ADANA KVKK HUKUKU, ADANA GAYR\u0130MENKUL HUKUKU, ADANA T\u0130CARET HUKUKU,HUKUKU,","potentialAction":[{"@type":"SearchAction","target":{"@type":"EntryPoint","urlTemplate":"https:\/\/avhandeyetik.com\/?s={search_term_string}"},"query-input":{"@type":"PropertyValueSpecification","valueRequired":true,"valueName":"search_term_string"}}],"inLanguage":"tr"}]}},"_links":{"self":[{"href":"https:\/\/avhandeyetik.com\/index.php?rest_route=\/wp\/v2\/pages\/2296","targetHints":{"allow":["GET"]}}],"collection":[{"href":"https:\/\/avhandeyetik.com\/index.php?rest_route=\/wp\/v2\/pages"}],"about":[{"href":"https:\/\/avhandeyetik.com\/index.php?rest_route=\/wp\/v2\/types\/page"}],"author":[{"embeddable":true,"href":"https:\/\/avhandeyetik.com\/index.php?rest_route=\/wp\/v2\/users\/1"}],"replies":[{"embeddable":true,"href":"https:\/\/avhandeyetik.com\/index.php?rest_route=%2Fwp%2Fv2%2Fcomments&post=2296"}],"version-history":[{"count":29,"href":"https:\/\/avhandeyetik.com\/index.php?rest_route=\/wp\/v2\/pages\/2296\/revisions"}],"predecessor-version":[{"id":2391,"href":"https:\/\/avhandeyetik.com\/index.php?rest_route=\/wp\/v2\/pages\/2296\/revisions\/2391"}],"wp:attachment":[{"href":"https:\/\/avhandeyetik.com\/index.php?rest_route=%2Fwp%2Fv2%2Fmedia&parent=2296"}],"curies":[{"name":"wp","href":"https:\/\/api.w.org\/{rel}","templated":true}]}}